{"id":3121,"date":"2024-01-11T15:54:20","date_gmt":"2024-01-11T14:54:20","guid":{"rendered":"https:\/\/neustaedter-schuetzengilde.de\/schuetzengilde_r\/?page_id=3121"},"modified":"2024-06-13T09:45:00","modified_gmt":"2024-06-13T07:45:00","slug":"the-post-grid","status":"publish","type":"page","link":"https:\/\/neustaedter-schuetzengilde.de\/schuetzengilde_r\/the-post-grid\/","title":{"rendered":"Pressemitteilungen"},"content":{"rendered":"<div class='pt-cv-wrapper'> <div class=\"pt-cv-view pt-cv-blockgrid iscvblock iscvreal grid1 layout1\" id=\"pt-cv-view-ct5m9qrl\"><div data-id=\"pt-cv-page-1\" class=\"pt-cv-page\" data-cvc=\"2\"><div class=\" pt-cv-content-item pt-cv-1-col\" ><div class=\"pt-cv-thumb-wrapper  \"><a href=\"https:\/\/neustaedter-schuetzengilde.de\/schuetzengilde_r\/2026\/02\/25\/generalversammlung-neustaedter-schuetzengilde-waehlt-neuen-ersten-aeltermann\/\" class=\"_self pt-cv-href-thumbnail pt-cv-thumb-default\" target=\"_self\" ><img loading=\"lazy\" decoding=\"async\" width=\"768\" height=\"571\" src=\"https:\/\/neustaedter-schuetzengilde.de\/schuetzengilde_r\/wp-content\/uploads\/2026\/02\/schuetzengilde_Generalverammlung_2026-768x571.jpg\" class=\"pt-cv-thumbnail\" alt=\"\" \/><\/a><\/div>\n<h4 class=\"pt-cv-title\"><a href=\"https:\/\/neustaedter-schuetzengilde.de\/schuetzengilde_r\/2026\/02\/25\/generalversammlung-neustaedter-schuetzengilde-waehlt-neuen-ersten-aeltermann\/\" class=\"_self\" target=\"_self\" >Generalversammlung: Neust\u00e4dter Sch\u00fctzengilde w\u00e4hlt neuen ersten \u00c4ltermann<\/a><\/h4>\n<div class=\"pt-cv-content\">Der neue Vorstand: Obmann f\u00fcr Koordination Jan Nadziczny, Schriftf\u00fchrer Sebastian Wenzel, erster \u00c4ltermann Detlef Scheel, stellvertretender \u00c4lterman Nils Hilbert, Obmann &#8230;<\/div>\n<div class=\"pt-cv-rmwrap\"><a href=\"https:\/\/neustaedter-schuetzengilde.de\/schuetzengilde_r\/2026\/02\/25\/generalversammlung-neustaedter-schuetzengilde-waehlt-neuen-ersten-aeltermann\/\" class=\"_self pt-cv-readmore btn btn-success\" target=\"_self\" >Weiterlesen\u00a0\u2026<\/a><\/div><\/div>\n<div class=\" pt-cv-content-item pt-cv-1-col\" ><div class=\"pt-cv-thumb-wrapper  \"><a href=\"https:\/\/neustaedter-schuetzengilde.de\/schuetzengilde_r\/2026\/02\/02\/sonnenbrand-gefahr-im-januar\/\" class=\"_self pt-cv-href-thumbnail pt-cv-thumb-default\" target=\"_self\" ><img loading=\"lazy\" decoding=\"async\" width=\"768\" height=\"571\" src=\"https:\/\/neustaedter-schuetzengilde.de\/schuetzengilde_r\/wp-content\/uploads\/2026\/02\/Schuetzenkoenig_Steiner2026-768x571.jpg\" class=\"pt-cv-thumbnail\" alt=\"\" \/><\/a><\/div>\n<h4 class=\"pt-cv-title\"><a href=\"https:\/\/neustaedter-schuetzengilde.de\/schuetzengilde_r\/2026\/02\/02\/sonnenbrand-gefahr-im-januar\/\" class=\"_self\" target=\"_self\" >Sonnenbrand-Gefahr im Januar<\/a><\/h4>\n<div class=\"pt-cv-content\">Der amtierende Sch\u00fctzenk\u00f6nig Benedikt Steiner der I. mit seiner K\u00f6nigin Annika der I. sowie der Fl\u00fcgeladjutant des K\u00f6nigs Major der &#8230;<\/div>\n<div class=\"pt-cv-rmwrap\"><a href=\"https:\/\/neustaedter-schuetzengilde.de\/schuetzengilde_r\/2026\/02\/02\/sonnenbrand-gefahr-im-januar\/\" class=\"_self pt-cv-readmore btn btn-success\" target=\"_self\" >Weiterlesen\u00a0\u2026<\/a><\/div><\/div>\n<div class=\" pt-cv-content-item pt-cv-1-col\" ><div class=\"pt-cv-thumb-wrapper  \"><a href=\"https:\/\/neustaedter-schuetzengilde.de\/schuetzengilde_r\/2026\/01\/12\/44-gildebrueder-und-ein-stahlvogel-ein-gelungener-auftakt-in-dasgildejahr-2026\/\" class=\"_self pt-cv-href-thumbnail pt-cv-thumb-default\" target=\"_self\" ><img loading=\"lazy\" decoding=\"async\" width=\"768\" height=\"571\" src=\"https:\/\/neustaedter-schuetzengilde.de\/schuetzengilde_r\/wp-content\/uploads\/2026\/01\/Schuetzengilde_IMG_0597-768x571.jpg\" class=\"pt-cv-thumbnail\" alt=\"\" \/><\/a><\/div>\n<h4 class=\"pt-cv-title\"><a href=\"https:\/\/neustaedter-schuetzengilde.de\/schuetzengilde_r\/2026\/01\/12\/44-gildebrueder-und-ein-stahlvogel-ein-gelungener-auftakt-in-dasgildejahr-2026\/\" class=\"_self\" target=\"_self\" >44 Gildebr\u00fcder\u00a0und\u00a0ein Stahlvogel \u2013\u00a0ein\u00a0gelungener Auftakt in\u00a0dasGildejahr 2026<\/a><\/h4>\n<div class=\"pt-cv-content\">Oberst Detlef Scheel, neuer Stahlvogekl\u00f6nig 2026 Nils Hilbert, Stahlvogelk\u00f6nig 2025 Robert Pasewald, 1. \u00c4ltermann Dr. Ralf Stolley (v.lks). Neustadt in &#8230;<\/div>\n<div class=\"pt-cv-rmwrap\"><a href=\"https:\/\/neustaedter-schuetzengilde.de\/schuetzengilde_r\/2026\/01\/12\/44-gildebrueder-und-ein-stahlvogel-ein-gelungener-auftakt-in-dasgildejahr-2026\/\" class=\"_self pt-cv-readmore btn btn-success\" target=\"_self\" >Weiterlesen\u00a0\u2026<\/a><\/div><\/div>\n<div class=\" pt-cv-content-item pt-cv-1-col\" ><div class=\"pt-cv-thumb-wrapper  \"><a href=\"https:\/\/neustaedter-schuetzengilde.de\/schuetzengilde_r\/2025\/12\/18\/jahresabschlussschiessen-der-neustaedter-schuetzengilde\/\" class=\"_self pt-cv-href-thumbnail pt-cv-thumb-default\" target=\"_self\" ><img loading=\"lazy\" decoding=\"async\" width=\"768\" height=\"432\" src=\"https:\/\/neustaedter-schuetzengilde.de\/schuetzengilde_r\/wp-content\/uploads\/2025\/12\/Jahresabschlussschiessen-768x432.jpg\" class=\"pt-cv-thumbnail\" alt=\"\" \/><\/a><\/div>\n<h4 class=\"pt-cv-title\"><a href=\"https:\/\/neustaedter-schuetzengilde.de\/schuetzengilde_r\/2025\/12\/18\/jahresabschlussschiessen-der-neustaedter-schuetzengilde\/\" class=\"_self\" target=\"_self\" >Jahresabschlussschie\u00dfen der Neust\u00e4dter Sch\u00fctzengilde<\/a><\/h4>\n<div class=\"pt-cv-content\">\u00c4ltermann Dr. Ralf Stolley, Robert Pasewald, Gewinner der Ehrenscheibe Oberst Detlef Scheel, Jan Nadziczny und der amtierenden Sch\u00fctzenk\u00f6nig Benedikt Steiner &#8230;<\/div>\n<div class=\"pt-cv-rmwrap\"><a href=\"https:\/\/neustaedter-schuetzengilde.de\/schuetzengilde_r\/2025\/12\/18\/jahresabschlussschiessen-der-neustaedter-schuetzengilde\/\" class=\"_self pt-cv-readmore btn btn-success\" target=\"_self\" >Weiterlesen\u00a0\u2026<\/a><\/div><\/div>\n<div class=\" pt-cv-content-item pt-cv-1-col\" ><div class=\"pt-cv-thumb-wrapper  \"><a href=\"https:\/\/neustaedter-schuetzengilde.de\/schuetzengilde_r\/2025\/10\/06\/gildebrueder-und-ihr-koenig-auf-grosser-fahrt-gildebrueder-erobern-hamburg\/\" class=\"_self pt-cv-href-thumbnail pt-cv-thumb-default\" target=\"_self\" ><img loading=\"lazy\" decoding=\"async\" width=\"768\" height=\"432\" src=\"https:\/\/neustaedter-schuetzengilde.de\/schuetzengilde_r\/wp-content\/uploads\/2025\/10\/Koenigsfahrt_2025-768x432.jpg\" class=\"pt-cv-thumbnail\" alt=\"\" \/><\/a><\/div>\n<h4 class=\"pt-cv-title\"><a href=\"https:\/\/neustaedter-schuetzengilde.de\/schuetzengilde_r\/2025\/10\/06\/gildebrueder-und-ihr-koenig-auf-grosser-fahrt-gildebrueder-erobern-hamburg\/\" class=\"_self\" target=\"_self\" >Gildebr\u00fcder und Ihr K\u00f6nig auf gro\u00dfer Fahrt \u2013 Gildebr\u00fcder erobern Hamburg<\/a><\/h4>\n<div class=\"pt-cv-content\">Gildebr\u00fcder mit dem amtierenden Sch\u00fctzenk\u00f6nig Benedikt Steiner (4. v.r.) im Volksparkstadion Neustadt in Holstein. Am 27. September machten sich zw\u00f6lf &#8230;<\/div>\n<div class=\"pt-cv-rmwrap\"><a href=\"https:\/\/neustaedter-schuetzengilde.de\/schuetzengilde_r\/2025\/10\/06\/gildebrueder-und-ihr-koenig-auf-grosser-fahrt-gildebrueder-erobern-hamburg\/\" class=\"_self pt-cv-readmore btn btn-success\" target=\"_self\" >Weiterlesen\u00a0\u2026<\/a><\/div><\/div>\n<div class=\" pt-cv-content-item pt-cv-1-col\" ><div class=\"pt-cv-thumb-wrapper  \"><a href=\"https:\/\/neustaedter-schuetzengilde.de\/schuetzengilde_r\/2025\/06\/30\/goldener-apfel-guter-tropfen-und-harte-urteile-die-gilde-abrechnung-2025\/\" class=\"_self pt-cv-href-thumbnail pt-cv-thumb-default\" target=\"_self\" ><img loading=\"lazy\" decoding=\"async\" width=\"768\" height=\"432\" src=\"https:\/\/neustaedter-schuetzengilde.de\/schuetzengilde_r\/wp-content\/uploads\/2025\/06\/Abrechnung_2025-768x432.jpg\" class=\"pt-cv-thumbnail\" alt=\"\" \/><\/a><\/div>\n<h4 class=\"pt-cv-title\"><a href=\"https:\/\/neustaedter-schuetzengilde.de\/schuetzengilde_r\/2025\/06\/30\/goldener-apfel-guter-tropfen-und-harte-urteile-die-gilde-abrechnung-2025\/\" class=\"_self\" target=\"_self\" >Goldener Apfel, guter Tropfen und \u201eharte Urteile\u201c: Die Gilde-Abrechnung 2025<\/a><\/h4>\n<div class=\"pt-cv-content\">Gildebr\u00fcder und Gildedamen nach der Abrechnung im Rathaus Neustadt in Holstein. Am Samstag, dem 28. Juni, war es wieder so &#8230;<\/div>\n<div class=\"pt-cv-rmwrap\"><a href=\"https:\/\/neustaedter-schuetzengilde.de\/schuetzengilde_r\/2025\/06\/30\/goldener-apfel-guter-tropfen-und-harte-urteile-die-gilde-abrechnung-2025\/\" class=\"_self pt-cv-readmore btn btn-success\" target=\"_self\" >Weiterlesen\u00a0\u2026<\/a><\/div><\/div><\/div><\/div>\n<div class=\" pt-cv-pagination-wrapper\"><ul class=\"pt-cv-pagination pt-cv-ajax pagination\" data-totalpages=\"4\" data-currentpage=\"1\" data-sid=\"ct5m9qrl\" data-unid=\"\" data-isblock=\"grid1\" data-postid=\"0\"><li class=\"active\"><a href=\"#\">1<\/a><\/li>\n\t<li ><a class=\"\" href=\"https:\/\/neustaedter-schuetzengilde.de\/schuetzengilde_r\/wp-json\/wp\/v2\/pages\/3121\/?_page=2\">2<\/a><\/li>\n\t<li ><a class=\"\" href=\"https:\/\/neustaedter-schuetzengilde.de\/schuetzengilde_r\/wp-json\/wp\/v2\/pages\/3121\/?_page=3\">3<\/a><\/li>\n\t<li ><a class=\"\" href=\"https:\/\/neustaedter-schuetzengilde.de\/schuetzengilde_r\/wp-json\/wp\/v2\/pages\/3121\/?_page=4\">4<\/a><\/li>\n\t<li ><a class=\" \" href=\"https:\/\/neustaedter-schuetzengilde.de\/schuetzengilde_r\/wp-json\/wp\/v2\/pages\/3121\/?_page=2\">&rsaquo;<\/a><\/li>\n\t<\/ul><img loading=\"lazy\" decoding=\"async\" width=\"15\" height=\"15\" class=\"pt-cv-spinner\" alt=\"Wird geladen\u00a0\u2026\" src=\"data:image\/gif;base64,R0lGODlhDwAPALMPAMrKygwMDJOTkz09PZWVla+vr3p6euTk5M7OzuXl5TMzMwAAAJmZmWZmZszMzP\/\/\/yH\/C05FVFNDQVBFMi4wAwEAAAAh+QQFCgAPACwAAAAADwAPAAAEQvDJaZaZOIcV8iQK8VRX4iTYoAwZ4iCYoAjZ4RxejhVNoT+mRGP4cyF4Pp0N98sBGIBMEMOotl6YZ3S61Bmbkm4mAgAh+QQFCgAPACwAAAAADQANAAAENPDJSRSZeA418itN8QiK8BiLITVsFiyBBIoYqnoewAD4xPw9iY4XLGYSjkQR4UAUD45DLwIAIfkEBQoADwAsAAAAAA8ACQAABC\/wyVlamTi3nSdgwFNdhEJgTJoNyoB9ISYoQmdjiZPcj7EYCAeCF1gEDo4Dz2eIAAAh+QQFCgAPACwCAAAADQANAAAEM\/DJBxiYeLKdX3IJZT1FU0iIg2RNKx3OkZVnZ98ToRD4MyiDnkAh6BkNC0MvsAj0kMpHBAAh+QQFCgAPACwGAAAACQAPAAAEMDC59KpFDll73HkAA2wVY5KgiK5b0RRoI6MuzG6EQqCDMlSGheEhUAgqgUUAFRySIgAh+QQFCgAPACwCAAIADQANAAAEM\/DJKZNLND\/kkKaHc3xk+QAMYDKsiaqmZCxGVjSFFCxB1vwy2oOgIDxuucxAMTAJFAJNBAAh+QQFCgAPACwAAAYADwAJAAAEMNAs86q1yaWwwv2Ig0jUZx3OYa4XoRAfwADXoAwfo1+CIjyFRuEho60aSNYlOPxEAAAh+QQFCgAPACwAAAIADQANAAAENPA9s4y8+IUVcqaWJ4qEQozSoAzoIyhCK2NFU2SJk0hNnyEOhKR2AzAAj4Pj4GE4W0bkJQIAOw==\" \/><div class=\"clear pt-cv-clear-pagination\"><\/div><\/div> <\/div> <style>\n\n#pt-cv-view-ct5m9qrl .pt-cv-meta-fields {  }#pt-cv-view-ct5m9qrl .pt-cv-meta-fields * { font-size: 13px; }#pt-cv-view-ct5m9qrl .pt-cv-thumb-wrapper:not(.miniwrap) {  }#pt-cv-view-ct5m9qrl .pt-cv-thumbnail:not(.pt-cv-thumbnailsm) { height: 250px; }#pt-cv-view-ct5m9qrl .pt-cv-title a { display: block;color: #448036; }#pt-cv-view-ct5m9qrl .pt-cv-title:not(.pt-cv-titlesm) a { font-weight: 600;text-decoration: none;font-size: 20px; }#pt-cv-view-ct5m9qrl .pt-cv-titlesm a { font-weight: 600;font-size: 18px; }#pt-cv-view-ct5m9qrl .pt-cv-content { font-size: 15px; }#pt-cv-view-ct5m9qrl .pt-cv-rmwrap {  }#pt-cv-view-ct5m9qrl .pt-cv-readmore { color: #fff;background-color: #448036;font-size: 14px;margin: 0px 0px 0px 0px;padding: 7px 7px 7px 7px; }#pt-cv-view-ct5m9qrl .pt-cv-taxoterm {  }#pt-cv-view-ct5m9qrl .pt-cv-taxoterm * { color: #222;background-color: #fff6f6;font-size: 14px; }#pt-cv-view-ct5m9qrl + .pt-cv-pagination-wrapper {  }#pt-cv-view-ct5m9qrl + .pt-cv-pagination-wrapper a { font-size: 14px; }#pt-cv-view-ct5m9qrl > .pt-cv-page {grid-template-columns: repeat(2, 1fr);grid-gap: 20px;}\n@media all and (max-width: 1024px) { \n#pt-cv-view-ct5m9qrl > .pt-cv-page {}\n} \n@media all and (max-width: 767px) { \n#pt-cv-view-ct5m9qrl > .pt-cv-page {grid-template-columns: repeat(1, 1fr);}\n} <\/style>","protected":false},"excerpt":{"rendered":"","protected":false},"author":1,"featured_media":0,"parent":0,"menu_order":0,"comment_status":"closed","ping_status":"closed","template":"","meta":{"footnotes":""},"class_list":["post-3121","page","type-page","status-publish","hentry"],"rttpg_featured_image_url":null,"rttpg_author":{"display_name":"admin","author_link":"https:\/\/neustaedter-schuetzengilde.de\/schuetzengilde_r\/author\/admin\/"},"rttpg_comment":0,"rttpg_category":null,"rttpg_excerpt":null,"_links":{"self":[{"href":"https:\/\/neustaedter-schuetzengilde.de\/schuetzengilde_r\/wp-json\/wp\/v2\/pages\/3121","targetHints":{"allow":["GET"]}}],"collection":[{"href":"https:\/\/neustaedter-schuetzengilde.de\/schuetzengilde_r\/wp-json\/wp\/v2\/pages"}],"about":[{"href":"https:\/\/neustaedter-schuetzengilde.de\/schuetzengilde_r\/wp-json\/wp\/v2\/types\/page"}],"author":[{"embeddable":true,"href":"https:\/\/neustaedter-schuetzengilde.de\/schuetzengilde_r\/wp-json\/wp\/v2\/users\/1"}],"replies":[{"embeddable":true,"href":"https:\/\/neustaedter-schuetzengilde.de\/schuetzengilde_r\/wp-json\/wp\/v2\/comments?post=3121"}],"version-history":[{"count":9,"href":"https:\/\/neustaedter-schuetzengilde.de\/schuetzengilde_r\/wp-json\/wp\/v2\/pages\/3121\/revisions"}],"predecessor-version":[{"id":3231,"href":"https:\/\/neustaedter-schuetzengilde.de\/schuetzengilde_r\/wp-json\/wp\/v2\/pages\/3121\/revisions\/3231"}],"wp:attachment":[{"href":"https:\/\/neustaedter-schuetzengilde.de\/schuetzengilde_r\/wp-json\/wp\/v2\/media?parent=3121"}],"curies":[{"name":"wp","href":"https:\/\/api.w.org\/{rel}","templated":true}]}}